{"id":289,"date":"2015-09-19T02:52:12","date_gmt":"2015-09-19T02:52:12","guid":{"rendered":"https:\/\/hlsorgs3stg.wpenginepowered.com\/hela\/?page_id=289"},"modified":"2025-07-31T21:09:27","modified_gmt":"2025-07-31T21:09:27","slug":"executive-board-2014-2015","status":"publish","type":"page","link":"https:\/\/orgs.law.harvard.edu\/hela\/about-us\/executive-board-2014-2015\/","title":{"rendered":"Past Executive Boards"},"content":{"rendered":"\n<h2 class=\"wp-block-heading\">2023-2024<\/h2>\n\n\n\n<p><strong>Co-President<\/strong><\/p>\n\n\n\n<p>Isabel Hahn<\/p>\n\n\n\n<p><strong>Co-President<\/strong><\/p>\n\n\n\n<p>Tim Horvat<\/p>\n\n\n\n<p><strong>Conference Committee<\/strong><\/p>\n\n\n\n<p>Jessica O&#8217;Neill<\/p>\n\n\n\n<p><strong>Conference Committee<\/strong><\/p>\n\n\n\n<p>Ester Zucchelli<\/p>\n\n\n\n<p><strong>Conference Committee<\/strong><\/p>\n\n\n\n<p>Ali Alakbarli<\/p>\n\n\n\n<p><b>Conference Committee<\/b><\/p>\n\n\n\n<p>Edoardo Ghio<\/p>\n\n\n\n<p><strong>Academic Events Committee<\/strong><\/p>\n\n\n\n<p>Joanna Kuc<\/p>\n\n\n\n<p><strong>Academic Events Committee<\/strong><\/p>\n\n\n\n<p>Federico Montinaro<\/p>\n\n\n\n<p><strong>Academic Events Committee<\/strong><\/p>\n\n\n\n<p>Sven Siebrecht<\/p>\n\n\n\n<p><strong>Communications <\/strong><\/p>\n\n\n\n<p>Maria Paziotopoulou<\/p>\n\n\n\n<h2 class=\"wp-block-heading\">2022-2023<\/h2>\n\n\n\n<p><strong>President<\/strong><\/p>\n\n\n\n<p>Maria-Magdalena Markova<\/p>\n\n\n\n<p><strong>Vice-President <\/strong><\/p>\n\n\n\n<p>Filippo M. Turci<\/p>\n\n\n\n<p><strong>Conference Chair <\/strong><\/p>\n\n\n\n<p>Bianca Urbani<\/p>\n\n\n\n<p><strong>Conference Vice-Chair&nbsp;<\/strong><\/p>\n\n\n\n<p>Aiko Van Denhouwe<\/p>\n\n\n\n<p><strong>Conference Vice-Chair <\/strong><\/p>\n\n\n\n<p>Aleksandar Leshev<\/p>\n\n\n\n<p><strong>Academic Events Chair<\/strong><\/p>\n\n\n\n<p>Magdalini-Christina Vlachou-Vlachopoulou<\/p>\n\n\n\n<p><strong>Academic Events Vice-Chair<\/strong><\/p>\n\n\n\n<p>Nieves Bay\u00f3n Fern\u00e1ndez<\/p>\n\n\n\n<p><strong>Academic Events Vice-Chair <\/strong><\/p>\n\n\n\n<p>Karol Piwonski<\/p>\n\n\n\n<p><strong>Communications Chair<\/strong><\/p>\n\n\n\n<p>Aoife O\u2019Malley<\/p>\n\n\n\n<h2 class=\"wp-block-heading\">2021-2022<\/h2>\n\n\n\n<p><strong>President<\/strong><\/p>\n\n\n\n<p>Andrea Vignini<\/p>\n\n\n\n<p><strong>Vice-President<\/strong><\/p>\n\n\n\n<p>Stefan Nesic<\/p>\n\n\n\n<p><strong>Conference Chair<\/strong><\/p>\n\n\n\n<p>Alexander Brade<\/p>\n\n\n\n<p><strong>Conference Vice-Chair <\/strong><\/p>\n\n\n\n<p>Caranina Colpaert<\/p>\n\n\n\n<p><strong>Conference Vice-Chair <\/strong><\/p>\n\n\n\n<p>Helin Ackam<\/p>\n\n\n\n<p><strong>Academic Events Chair<\/strong><\/p>\n\n\n\n<p>Justin Lindeboom<\/p>\n\n\n\n<p><strong>Academic Events Vice-Chair<\/strong><\/p>\n\n\n\n<p>Olivia Klinkum<\/p>\n\n\n\n<p><strong>Academic Events Vice-Chair<\/strong><\/p>\n\n\n\n<p>Ajay Sarma<\/p>\n\n\n\n<p><strong>Internal Communications Chair<\/strong><\/p>\n\n\n\n<p>Victoria von Werder<\/p>\n\n\n\n<p><strong>External Communications Chair <\/strong><\/p>\n\n\n\n<p>Nina Trcek<\/p>\n\n\n\n<h2 class=\"wp-block-heading\">2020-2021<\/h2>\n\n\n\n<p><strong>President<\/strong><\/p>\n\n\n\n<p>Daniel Necz<\/p>\n\n\n\n<p><strong>Vice-President<\/strong><\/p>\n\n\n\n<p>Jenny Liang<\/p>\n\n\n\n<p><strong>Conference Chair<\/strong><\/p>\n\n\n\n<p>Maria Lucia Passador<\/p>\n\n\n\n<p><strong>Conference Vice-Chair<\/strong><\/p>\n\n\n\n<p>Helin Ackam<\/p>\n\n\n\n<p><strong>Academic Events Chairs<\/strong><\/p>\n\n\n\n<p>Stefan Martinic<\/p>\n\n\n\n<p>Defne Ornek<\/p>\n\n\n\n<p>Ajay Sarma<\/p>\n\n\n\n<p><strong>Internal Communications Chair<\/strong><\/p>\n\n\n\n<p>Lukas Roth<\/p>\n\n\n\n<p><strong>External Communications Chair<\/strong><\/p>\n\n\n\n<p>Ayako Fujihara<\/p>\n\n\n\n<p><strong>Faculty Co-Sponsors<\/strong><\/p>\n\n\n\n<p>Professor David Kennedy<br>Professor Jos\u00e9 Manuel Mart\u00ednez Sierra<\/p>\n\n\n\n<h2 class=\"wp-block-heading\">2019-2020<\/h2>\n\n\n\n<div class=\"ellip\">\n<p><strong>President <\/strong><\/p>\n<p>Jenny Liang<\/p>\n<p><strong>Vice-President<\/strong><\/p>\n<p>Mattias R\u00e4ttz\u00e9n<\/p>\n<p><strong>Conference Chair<\/strong><\/p>\n<p>Aislinn Kelly-Lyth<\/p>\n<p><strong>Conference Vice-Chairs<\/strong><\/p>\n<p>Raffaele Felicitti, Josiah Senu and Marie Beudels<\/p>\n<p><strong>Academic Events Chair<\/strong><\/p>\n<\/div>\n\n\n\n<p>Daiva Sindaravi\u010di\u016bt\u0117<\/p>\n\n\n\n<p><strong>International Communication Chairs<\/strong><\/p>\n\n\n\n<p>Christoph Resch and Sebastian Grund<\/p>\n\n\n\n<p><strong>J.D. Representative<\/strong><\/p>\n\n\n\n<p>Lukas Roth<\/p>\n\n\n\n<p><strong>Faculty Co-Sponsors<\/strong><\/p>\n\n\n\n<p>Professor David Kennedy<br>Professor Jos\u00e9 Manuel Mart\u00ednez Sierra<\/p>\n\n\n\n<h2 class=\"wp-block-heading\">2018-2019<\/h2>\n\n\n\n<div class=\"ellip\">\n<p>&nbsp;<strong>President <\/strong><\/p>\n<p>Lynette Jansen<\/p>\n<p><strong>Vice-President<\/strong><\/p>\n<p>Jakob Horn<\/p>\n<p><strong>Vice President<\/strong><\/p>\n<p>Rodrigo Cetina Presuel<\/p>\n<p><strong>Academic Events Chair<\/strong><\/p>\n<p>Elio Gaarthuis<\/p>\n<p><strong>Communications Chair<\/strong><\/p>\n<p>Martina Castr\u00e9n<\/p>\n<p><strong>J.D. representative<\/strong><\/p>\n<\/div>\n\n\n\n<p>Merve Ciplak<\/p>\n\n\n\n<p><strong>J.D. representative<\/strong><\/p>\n\n\n\n<p>Jenny Liang<\/p>\n\n\n\n<p><strong>Academic Events and Liaison Coordinator<\/strong><\/p>\n\n\n\n<p>Federico Ferdinandi<\/p>\n\n\n\n<p><strong>Conference Chair<\/strong><\/p>\n\n\n\n<p>Amaryllis M\u00fcller<\/p>\n\n\n\n<p><strong>Conference Vice Chair<\/strong><\/p>\n\n\n\n<p>Abdurrahman Kayiklik<\/p>\n\n\n\n<p><strong>Conference Vice Chair<\/strong><\/p>\n\n\n\n<p>Nicolas&nbsp;Parhofer<\/p>\n\n\n\n<p><strong>Conference Vice Chair<\/strong><\/p>\n\n\n\n<p>Allan Emmett Hennessy<\/p>\n\n\n\n<p><strong>&nbsp;Treasurer<\/strong><\/p>\n\n\n\n<p>Talgat Mustafin<\/p>\n\n\n\n<p><strong>Faculty Co-Sponsors<\/strong><\/p>\n\n\n\n<p>Professor David Kennedy<br>Professor Jos\u00e9 Manuel Mart\u00ednez Sierra<\/p>\n\n\n\n<h2 class=\"wp-block-heading\"><strong>2017-2018<\/strong><\/h2>\n\n\n\n<p><strong>President<\/strong><\/p>\n\n\n\n<p>Richard Steppe<\/p>\n\n\n\n<p><strong>Vice-President<\/strong><\/p>\n\n\n\n<p>C\u00e9sar \u00c1lvarez Alonso<\/p>\n\n\n\n<p><strong>Vice-President<\/strong><\/p>\n\n\n\n<p>Nuna Van Belle<\/p>\n\n\n\n<p><strong>Events Director<\/strong><\/p>\n\n\n\n<p>Heinrich Nemeczek<\/p>\n\n\n\n<p><strong>Conference Deputy<\/strong><\/p>\n\n\n\n<p>Tetyana Payosova<\/p>\n\n\n\n<p><strong>Treasurer<\/strong><\/p>\n\n\n\n<p>Kevin Ratana Patumwat<\/p>\n\n\n\n<p><strong>Communications Chair<\/strong><\/p>\n\n\n\n<p>Marija Momic<\/p>\n\n\n\n<p><strong>Faculty Co-Sponsors<\/strong><\/p>\n\n\n\n<p>Professor David Kennedy<br>Professor Jos\u00e9 Manuel Mart\u00ednez Sierra<\/p>\n\n\n\n<h2 class=\"wp-block-heading\"><strong>2016-2017<\/strong><\/h2>\n\n\n\n<p><strong>President<\/strong><br>Amy Volz<b><br><\/b><\/p>\n\n\n\n<p><strong>Vice-President<\/strong><br>Pirita Virtanen<\/p>\n\n\n\n<p><b>Student Outreach Director<\/b><br>Atanas Sabev<\/p>\n\n\n\n<p><b>Harvard European Conference Chair<\/b><br>Luca Amorello<\/p>\n\n\n\n<p><b>Co-Directors of Finance &amp; Pro Bono Partnerships<\/b><br>Jeffrey Bohme<br>Vinko Galiot<\/p>\n\n\n\n<p><b>Co-Directors of Communications<\/b><br>Helga Gudmundsdottir<br>Lisandra Novo<\/p>\n\n\n\n<p><b>Events Team<\/b><br>Allie Brudney<br>Vinko Galiot<br>Liliia Khasanova<br>Pirita Virtanen<\/p>\n\n\n\n<p><b>Harvard Graduate Program Advisors<\/b><br>C\u00e9sar \u00c1lvarez Alonso<br>Mauro Pucheta<\/p>\n\n\n\n<p><strong>Faculty Co-Sponsors<\/strong><br>Professor David Kennedy<br>Professor Jos\u00e9 Manuel Mart\u00ednez Sierra<\/p>\n\n\n\n<h2 class=\"wp-block-heading\"><strong>2015-2016<\/strong><\/h2>\n\n\n\n<p>President:&nbsp;<strong>Elizabeth Bramon<\/strong><\/p>\n\n\n\n<p>Executive Board:<\/p>\n\n\n\n<p><strong>Clare Kelly<\/strong><br><strong>Lena Borislavova <\/strong><br><strong>Samuel Chang<\/strong><br><strong>Samuel Parsons <\/strong><br><strong>Juliane Steffens <\/strong><br><strong>Sarah Mishkin<\/strong><br><strong>John Adwet Raqhav<\/strong><\/p>\n\n\n\n<p>Faculty Sponsor:&nbsp;<strong>David Kennedy<\/strong><\/p>\n\n\n\n<h2 class=\"wp-block-heading\"><strong>2014-2015<\/strong><\/h2>\n\n\n\n<p>President:&nbsp;<strong>Brent W. Drummond<\/strong><\/p>\n\n\n\n<p>Vice-President: <strong>Pekka Pohjankoski<\/strong><\/p>\n\n\n\n<p>Principal Coordinator:&nbsp;<strong>Marianne Muona<\/strong><\/p>\n\n\n\n<p>Academic Events Coordinators:&nbsp;<strong>Jasper Bossuyt, Sara Hugelier<\/strong><\/p>\n\n\n\n<p>Social Events Coordinator:&nbsp;<strong>Michael Acquah<\/strong><\/p>\n\n\n\n<p>Treasurer:&nbsp;<strong>Asher Lowenstein<\/strong><\/p>\n\n\n\n<p>Faculty Sponsor:&nbsp;<strong>David Kennedy<\/strong><\/p>\n\n\n\n<h2 class=\"wp-block-heading\"><strong>2013-2014<\/strong><\/h2>\n\n\n\n<p>President:&nbsp;<strong>Pieter Van Malleghem<\/strong><\/p>\n\n\n\n<p>Principal Coordinators:&nbsp;<strong>Josefien Van Zeben, Koen Swinnen<\/strong><\/p>\n\n\n\n<p>Treasurer:&nbsp;<strong>Alexander Goebel<\/strong><\/p>\n\n\n\n<p>Academic Events Coordinators:&nbsp;<strong>Maria Rita Sobral, Maria Leonor Tobia<\/strong><\/p>\n\n\n\n<p>Social Events Coordinators: <strong>Lawrence Verhelst, Samuel Cogolati<\/strong><\/p>\n\n\n\n<p>Conference Coordinators: <strong>Zena Prodromou, Beatrice Hurni, Mustapha El Karouni<\/strong><\/p>\n\n\n\n<p>Faculty Sponsor:&nbsp;<strong>David Kennedy<\/strong><\/p>\n\n\n\n<h2 class=\"wp-block-heading\"><strong>2012-2013<\/strong><\/h2>\n\n\n\n<p>President: <strong>Aphroditi Giovanopoulou<\/strong><\/p>\n\n\n\n<p>Principal Coordinator:&nbsp;<strong>Javier Solana<\/strong><\/p>\n\n\n\n<p>Treasurer:&nbsp;<strong>Maria Fanou<\/strong><\/p>\n\n\n\n<p>Academic Events Coordinator:&nbsp;<strong>Filip Trnka<\/strong><\/p>\n\n\n\n<p>Social Events Coordinator:&nbsp;<strong>Auriane Lamine<\/strong><\/p>\n\n\n\n<p>Director for Fundraising:&nbsp;<strong>Nedim Hogic<\/strong><\/p>\n\n\n\n<p>Director for Leadership:&nbsp;<strong>Edward Gluschenko<\/strong><\/p>\n\n\n\n<p>Visiting Researcher Representatives:&nbsp;<strong>Matthias Rossbach, Irene Sobrino Guijarro, Ilias Trispiotis<\/strong><\/p>\n\n\n\n<p>Faculty Sponsor:&nbsp;<strong>David Kennedy<\/strong><\/p>\n\n\n\n<h2 class=\"wp-block-heading\"><strong>2011-2012<br><\/strong><\/h2>\n\n\n\n<p>President: <strong>Jan Fiala<\/strong><\/p>\n\n\n\n<p>Vice-President:&nbsp;<strong>Eva Kukovec<\/strong><\/p>\n\n\n\n<p>Principal Coordinator:&nbsp;<strong>Afroditi Giovanopoulou<\/strong><\/p>\n\n\n\n<p>Public Relations Coordinator:&nbsp;<strong>Oktawian Kuc<\/strong><\/p>\n\n\n\n<p>Treasurer:&nbsp;<strong>Andrea Conzatti<\/strong><\/p>\n\n\n\n<p>Events Organizers:&nbsp;<strong>Tito Rendas, Eike Hosemann, Patrick McKeown<\/strong><\/p>\n\n\n\n<p>Social Events Coordinators:&nbsp;<strong>Chloe Vander Velpen, Jodie-Jane Tingle<\/strong><\/p>\n\n\n\n<p>Moot-court Coordinator:&nbsp;<strong>Pieter-Augustin van Malleghem<\/strong><\/p>\n\n\n\n<p>Europe-trip Coordinators:&nbsp;<strong>Toon Moonen, Clemens Wackernagel<\/strong><\/p>\n\n\n\n<p>Fundraising Coordinator:&nbsp;<strong>Barbara Sobowska<\/strong><\/p>\n\n\n\n<p>Chronicler:&nbsp;<strong>Luca Denora<\/strong><\/p>\n\n\n\n<p>Advisors:&nbsp;<strong>Daniella Adler,&nbsp;Claire Guehenno,&nbsp;Federico Raffaele, Agata Helena Sk\u00f3ra<\/strong><\/p>\n\n\n\n<p>Faculty Sponsor:&nbsp;<strong>David Kennedy<\/strong><\/p>\n\n\n\n<h2 class=\"wp-block-heading\"><strong>&nbsp;2009-2010<\/strong><\/h2>\n\n\n\n<p>President: <strong>Zeynep Sener<\/strong><\/p>\n\n\n\n<p>Vice-President: <strong>Damjan Kukovec<\/strong><\/p>\n\n\n\n<p>Secretary: <strong>Marco de Morpurgo<\/strong><\/p>\n\n\n\n<p>Advisor: <strong>Ermal Frasheri<\/strong><\/p>\n\n\n\n<p>Coordinator:&nbsp;<strong>Eva Kukovec<\/strong><\/p>\n\n\n\n<p>Treasurer:&nbsp;<strong>Eulalia Sanfrutos Cano<\/strong><\/p>\n\n\n\n<p>Web &amp; Working Papers Editor:&nbsp;<strong>Eric Engle<\/strong><\/p>\n\n\n\n<p>Events Coordinator:&nbsp;<strong>Melina Kapeliou<\/strong><\/p>\n\n\n\n<p>Faculty Sponsor: <strong>David Kennedy<\/strong><\/p>\n\n\n\n<h2 class=\"wp-block-heading\">2008-2009<\/h2>\n\n\n\n<p><strong>&nbsp;<\/strong>President: <strong>Damjan Kukovec<\/strong><\/p>\n\n\n\n<p>Advisors: <strong>Francesca Strumia, Ermal Frasheri<\/strong><\/p>\n\n\n\n<p>Principal Coordinator: <strong>Eva Kukovec<\/strong><\/p>\n\n\n\n<p>Treasurer: <strong>Alexander Apostolopous<\/strong><\/p>\n\n\n\n<p>Web &amp; Working Papers Editor: <strong>Eric Engle<\/strong><\/p>\n\n\n\n<p>FAS Liason: <strong>Vessela Hristova<\/strong><\/p>\n\n\n\n<p>Events Coordinators: <strong>Marcus Wolter, Zeynep Sener<\/strong><\/p>\n\n\n\n<p>Social Events Organizers: <strong>Jeremias Prassl, Ben Gardner<\/strong><\/p>\n\n\n\n<p>Faculty Sponsor: <strong>David Kennedy<\/strong><\/p>\n\n\n\n<h2 class=\"wp-block-heading\"><strong>2007-2008<br><\/strong><\/h2>\n\n\n\n<p>President: <strong>Francesca Strumia<\/strong><\/p>\n\n\n\n<p>Treasurer: <strong>ErmalFrasheri<\/strong><\/p>\n\n\n\n<p>Advisor: <strong>Anna diRobilant<\/strong><\/p>\n\n\n\n<p>Events Coordinator: <strong>Stuart Young<\/strong><\/p>\n\n\n\n<p>Website Editor: <strong>Douglas McMahon<\/strong><\/p>\n\n\n\n<p>Speakers Series Coordinators: <strong>Ignacio Dominguez, Rene Pfromm<\/strong><\/p>\n\n\n\n<p>Working Papers Series Coordinators: <strong>Julia Haas, Samuel Bellaviti<\/strong><\/p>\n\n\n\n<p>Social Events Coordinators: <strong>Aikaterini Kousoula, Francesco Liberatori<\/strong><\/p>\n\n\n\n<p>Faculty Sponsors: <strong>David Kennedy, \u2028Daniela Caruso<\/strong><\/p>\n\n\n\n<h2 class=\"wp-block-heading\"><strong>2006-2007<br><\/strong><\/h2>\n\n\n\n<p>President: <strong>Ermal Frasheri<\/strong><\/p>\n\n\n\n<p>Vice-President: <strong>Francesca Strumia<\/strong><\/p>\n\n\n\n<p>Treasurer: <strong>Stuart W. Young<\/strong><\/p>\n\n\n\n<p>Information Director: <strong>Rasmus Goksor<\/strong><\/p>\n\n\n\n<p>Coordinator: <strong>Magdalena Lickova<\/strong><\/p>\n\n\n\n<p>Faculty Sponsor: <strong>David Kennedy<\/strong><\/p>\n\n\n\n<h2 class=\"wp-block-heading\"><strong>2005-2006<\/strong><\/h2>\n\n\n\n<p>President: <strong>Anna di Robilant<\/strong><\/p>\n\n\n\n<p>Vice-President: <strong>Havva Guney<\/strong><\/p>\n\n\n\n<p>Treasurer: <strong>Stuart W. Young<\/strong><\/p>\n\n\n\n<p>Information Director: <strong>Rasmus Goksor<\/strong><\/p>\n\n\n\n<p>Coordinator: <strong>Francesca Strumia<\/strong><\/p>\n\n\n\n<p>Faculty Sponsor: <strong>David Kennedy<\/strong><\/p>\n\n\n\n<h2 class=\"wp-block-heading\"><strong>2004-2005<\/strong><strong>\u2028<\/strong><\/h2>\n\n\n\n<p>President: <strong>Fernanda Nicola<\/strong><\/p>\n\n\n\n<p>Vice-President: <strong>Rasmus Goksor<\/strong><\/p>\n\n\n\n<p>Treasurer: <strong>Anna di Robilant<\/strong><\/p>\n\n\n\n<p>Coordinator: <strong>Francesca Strumia<\/strong><\/p>\n\n\n\n<p>Coordinator: <strong>Vesselina Haralampieva<\/strong><\/p>\n\n\n\n<p>Coordinator: <strong>Stuart W. Young<\/strong><\/p>\n\n\n\n<p>Faculty Sponsor: <strong>David Kennedy<\/strong><\/p>\n","protected":false},"excerpt":{"rendered":"<p>2023-2024 Co-President Isabel Hahn Co-President Tim Horvat Conference Committee Jessica O&#8217;Neill Conference Committee Ester Zucchelli Conference Committee Ali Alakbarli Conference [&hellip;]<\/p>\n","protected":false},"author":1444,"featured_media":0,"parent":26,"menu_order":1,"comment_status":"closed","ping_status":"closed","template":"","meta":{"site-sidebar-layout":"default","site-content-layout":"","ast-site-content-layout":"default","site-content-style":"default","site-sidebar-style":"default","ast-global-header-display":"","ast-banner-title-visibility":"","ast-main-header-display":"","ast-hfb-above-header-display":"","ast-hfb-below-header-display":"","ast-hfb-mobile-header-display":"","site-post-title":"","ast-breadcrumbs-content":"","ast-featured-img":"","footer-sml-layout":"","ast-disable-related-posts":"","theme-transparent-header-meta":"","adv-header-id-meta":"","stick-header-meta":"","header-above-stick-meta":"","header-main-stick-meta":"","header-below-stick-meta":"","astra-migrate-meta-layouts":"default","ast-page-background-enabled":"default","ast-page-background-meta":{"desktop":{"background-color":"var(--ast-global-color-5)","background-image":"","background-repeat":"repeat","background-position":"center center","background-size":"auto","background-attachment":"scroll","background-type":"","background-media":"","overlay-type":"","overlay-color":"","overlay-opacity":"","overlay-gradient":""},"tablet":{"background-color":"","background-image":"","background-repeat":"repeat","background-position":"center center","background-size":"auto","background-attachment":"scroll","background-type":"","background-media":"","overlay-type":"","overlay-color":"","overlay-opacity":"","overlay-gradient":""},"mobile":{"background-color":"","background-image":"","background-repeat":"repeat","background-position":"center center","background-size":"auto","background-attachment":"scroll","background-type":"","background-media":"","overlay-type":"","overlay-color":"","overlay-opacity":"","overlay-gradient":""}},"ast-content-background-meta":{"desktop":{"background-color":"var(--ast-global-color-4)","background-image":"","background-repeat":"repeat","background-position":"center center","background-size":"auto","background-attachment":"scroll","background-type":"","background-media":"","overlay-type":"","overlay-color":"","overlay-opacity":"","overlay-gradient":""},"tablet":{"background-color":"var(--ast-global-color-4)","background-image":"","background-repeat":"repeat","background-position":"center center","background-size":"auto","background-attachment":"scroll","background-type":"","background-media":"","overlay-type":"","overlay-color":"","overlay-opacity":"","overlay-gradient":""},"mobile":{"background-color":"var(--ast-global-color-4)","background-image":"","background-repeat":"repeat","background-position":"center center","background-size":"auto","background-attachment":"scroll","background-type":"","background-media":"","overlay-type":"","overlay-color":"","overlay-opacity":"","overlay-gradient":""}},"jetpack_post_was_ever_published":false,"footnotes":""},"class_list":["post-289","page","type-page","status-publish","hentry"],"jetpack_sharing_enabled":false,"jetpack_shortlink":"https:\/\/wp.me\/P5BZ6y-4F","_links":{"self":[{"href":"https:\/\/orgs.law.harvard.edu\/hela\/wp-json\/wp\/v2\/pages\/289","targetHints":{"allow":["GET"]}}],"collection":[{"href":"https:\/\/orgs.law.harvard.edu\/hela\/wp-json\/wp\/v2\/pages"}],"about":[{"href":"https:\/\/orgs.law.harvard.edu\/hela\/wp-json\/wp\/v2\/types\/page"}],"author":[{"embeddable":true,"href":"https:\/\/orgs.law.harvard.edu\/hela\/wp-json\/wp\/v2\/users\/1444"}],"replies":[{"embeddable":true,"href":"https:\/\/orgs.law.harvard.edu\/hela\/wp-json\/wp\/v2\/comments?post=289"}],"version-history":[{"count":0,"href":"https:\/\/orgs.law.harvard.edu\/hela\/wp-json\/wp\/v2\/pages\/289\/revisions"}],"up":[{"embeddable":true,"href":"https:\/\/orgs.law.harvard.edu\/hela\/wp-json\/wp\/v2\/pages\/26"}],"wp:attachment":[{"href":"https:\/\/orgs.law.harvard.edu\/hela\/wp-json\/wp\/v2\/media?parent=289"}],"curies":[{"name":"wp","href":"https:\/\/api.w.org\/{rel}","templated":true}]}}